{"id":36,"date":"2018-01-31T16:12:05","date_gmt":"2018-01-31T15:12:05","guid":{"rendered":"https:\/\/religion-politik.blogs.ruhr-uni-bochum.de\/?page_id=36"},"modified":"2020-09-30T12:21:25","modified_gmt":"2020-09-30T10:21:25","slug":"aktuelles","status":"publish","type":"page","link":"https:\/\/religion-politik.blogs.ruhr-uni-bochum.de\/?page_id=36","title":{"rendered":"Aktuelles"},"content":{"rendered":"\n<h2 class=\"wp-block-heading\">Ausstellung: Tr\u00fcmmer-Vertreibung-Leben. Eine Region in den Wirren der Geopolitik, 15.-21.7.2020 <\/h2>\n\n\n\n<div class=\"wp-block-image\"><figure class=\"alignright size-large is-resized\"><img loading=\"lazy\" decoding=\"async\" src=\"https:\/\/religion-politik.blogs.ruhr-uni-bochum.de\/wp-content\/uploads\/2020\/09\/Bild1Flyer-483x1024.png\" alt=\"\" class=\"wp-image-333\" width=\"288\" height=\"611\" srcset=\"https:\/\/religion-politik.blogs.ruhr-uni-bochum.de\/wp-content\/uploads\/2020\/09\/Bild1Flyer-483x1024.png 483w, https:\/\/religion-politik.blogs.ruhr-uni-bochum.de\/wp-content\/uploads\/2020\/09\/Bild1Flyer-142x300.png 142w, https:\/\/religion-politik.blogs.ruhr-uni-bochum.de\/wp-content\/uploads\/2020\/09\/Bild1Flyer.png 591w\" sizes=\"auto, (max-width: 288px) 100vw, 288px\" \/><\/figure><\/div>\n\n\n\n<p class=\"has-text-align-left\">Die durch Terror und Gewalt motivierte Flucht von Millionen von Menschen hat die Gesellschaften des Nahen Ostens ver\u00e4ndert. Das Leben der Menschen soll nicht als Krisen-voyeurismus in den Mittelpunkt treten. Vielmehr baten die Menschen auf den Reisen immer wieder, von ihrem Leben zu berichten. Die auf zahlreichen Reisen und Forschungsaufenthalten entstandenen Impressionen sind ein vielf\u00e4ltiger Spiegel der Lebensumst\u00e4nde: direkte und indirekte Folgen des Krieges, Vielfalt neben Einheitsbestrebungen, dem Wiederaufbau neben Ruinen. Aber auch Spuren einer jungen Generation, die sich immer weniger mit alten Strukturen abfinden m\u00f6chte. An der Schnittstelle universit\u00e4rer Forschung und \u00d6ffentlichkeit will eine Fotoausstellung, gef\u00f6rdert durch &#8220;Instudies&#8220; und &#8222;Demokratie leben&#8220; in den R\u00e4umen der Rottstr5 Kunsthallen f\u00fcr die Situation der Gesellschaften im Nahen Osten sensibilisieren, zur Diskussion \u00fcber Vielfalt, Verantwortung, Krieg und Terror einladen. Verschiedene Referenten bereichern das zu Sehende um ihre Perspektive.<\/p>\n\n\n\n<div style=\"height:100px\" aria-hidden=\"true\" class=\"wp-block-spacer\"><\/div>\n\n\n\n<p><\/p>\n\n\n\n<div class=\"wp-block-image\"><figure class=\"alignleft size-large is-resized\"><img loading=\"lazy\" decoding=\"async\" src=\"https:\/\/religion-politik.blogs.ruhr-uni-bochum.de\/wp-content\/uploads\/2020\/02\/g14293-1.jpg\" alt=\"\" class=\"wp-image-326\" width=\"320\" height=\"461\" srcset=\"https:\/\/religion-politik.blogs.ruhr-uni-bochum.de\/wp-content\/uploads\/2020\/02\/g14293-1.jpg 450w, https:\/\/religion-politik.blogs.ruhr-uni-bochum.de\/wp-content\/uploads\/2020\/02\/g14293-1-208x300.jpg 208w\" sizes=\"auto, (max-width: 320px) 100vw, 320px\" \/><\/figure><\/div>\n\n\n<div class=\"field-std-dachzeile\">\n<div class=\"field-items\"><strong>Pluralit\u00e4t und Koexistenz, Gewalt, Flucht und Vertreibung. Christliche, jesidische und muslimische Lebenswelten in den gegenw\u00e4rtigen Umbr\u00fcchen im Nahen Osten<\/strong> <br><a href=\"http:\/\/www.lit-verlag.de\/reihe\/sok\">Reihe<\/a>: <i>Studien zur Orientalischen Kirchengeschichte<\/i><br>Bd. 59, 2019, 336 S., 29.90 EUR, 29.90 CHF, br., ISBN 978-3-643-14293-1<p><\/p>\n<\/div>\n<div class=\"field-items\">Der Nahe Osten als Schmelztiegel verschiedener Kulturen wird gegenw\u00e4rtig als Krisengebiet wahrgenommen, der von Terror und Gewalt dominiert ist. Millionen von Menschen sind auf der Flucht und die Gesellschaften zerrissen. Das Buch ist das ernsthafte Bem\u00fchen Studierender der Theologischen Fakult\u00e4t der Ruhr-Universit\u00e4t Bochum um Auseinandersetzung mit der vielschichtigen Lage im Nahen Osten. Experten und Menschen aus der Region bringen dabei ihre Einsch\u00e4tzungen und Analysen zur Sprache; vor allem aber kommen Menschen aus den L\u00e4ndern des Nahen Osten selbst mit ihren Erfahrungen von Flucht und Vertreibung, Krieg und Terror zu Wort.<p><\/p>\n<h5>&nbsp;<\/h5>\n<h1 style=\"text-align: right;\"><span style=\"color: #000000;\"><strong>2.Weltkongress f\u00fcr studentische Forschung an der Carl von Ossietzky Universit\u00e4t Oldenburg<\/strong><\/span><\/h1>\n<div class=\"post_header\">\n<div class=\"post_title\">\n<p>Die Carl von Ossietzky Universit\u00e4t Oldenburg richtet vom 23.-25. Mai 2019 den<span style=\"color: #0000ff;\"> <a style=\"color: #0000ff;\" href=\"https:\/\/www.uni-oldenburg.de\/en\/world-congress-on-undergraduate-research\/\">2nd World Congress on Undergraduate Research<\/a><\/span> in Oldenburg aus. Sie l\u00e4dt zur Beitragseinreichung von Bachelor-Studierenden zu den global bedeutsamen Themen \u201eEnvironment\u201c, \u201eHealth\u201c, \u201eEconomy\u201c, \u201eCommunication\u201c, &nbsp;\u201ePolitics\u201c and \u201eCreation\u201c ein.&nbsp; Gew\u00fcnscht sind beispielsweise studentische Forschungsarbeiten, die im Rahmen des Studium oder auch begleitend zu diesem entstanden sind. Bachelorarbeiten, die zum Zeitpunkt der Konferenz nicht mehr als ein Jahr zur\u00fcckliegen, k\u00f6nnen ebenfalls eingereicht werden.<\/p>\n<\/div>\n<\/div>\n<div class=\"post_body\">\n<div id=\"js_t\" class=\"_5pbx userContent _3576\">\n<p><span class=\"_5mfr _47e3\"><span class=\"_7oe\"><a href=\"https:\/\/blogs.hu-berlin.de\/newsticker\/wp-content\/uploads\/sites\/75\/2018\/08\/Call-for-Papers-Oldenburg.jpg\"><img loading=\"lazy\" decoding=\"async\" class=\"wp-image-128 aligncenter\" src=\"https:\/\/blogs.hu-berlin.de\/newsticker\/wp-content\/uploads\/sites\/75\/2018\/08\/Call-for-Papers-Oldenburg-724x1024.jpg\" sizes=\"auto, (max-width: 724px) 100vw, 724px\" srcset=\"https:\/\/blogs.hu-berlin.de\/newsticker\/wp-content\/uploads\/sites\/75\/2018\/08\/Call-for-Papers-Oldenburg-724x1024.jpg 724w, https:\/\/blogs.hu-berlin.de\/newsticker\/wp-content\/uploads\/sites\/75\/2018\/08\/Call-for-Papers-Oldenburg-212x300.jpg 212w, https:\/\/blogs.hu-berlin.de\/newsticker\/wp-content\/uploads\/sites\/75\/2018\/08\/Call-for-Papers-Oldenburg-768x1086.jpg 768w\" alt=\"\" width=\"507\" height=\"717\"><\/a><\/span><\/span><\/p>\n<p><\/p>\n<\/div>\n<\/div>\n<h1>&nbsp;<\/h1>\n<h1><span style=\"color: #000000;\"><strong>3. Studentische Konferenz &#8211; Forschen und Lehren in studentischer Hand<\/strong><\/span><\/h1>\n<\/div>\n<\/div>\n<div class=\"field-std-teaser\">\n<h3><span style=\"color: #2c2cb8;\">Lust auf Lehre und Forschung, aber noch Studierender? Dann ist dieser Termin genau der richtige.<\/span><\/h3>\n<\/div>\n<p>Die Ruhr-Universit\u00e4t Bochum l\u00e4dt herzlich ein zur 3. studentischen Konferenz zum Thema \u201eForschen und Lehren in studentischer Hand\u201c. Die Veranstaltung findet am 4. und 5. Oktober 2018 auf dem Campus der Ruhr-Universit\u00e4t statt.<\/p>\n<p>Im Mittelpunkt der Konferenz stehen studentische Arbeiten und Projekte rund um <span class=\"hinweis\">Forschung und Lehre<\/span>. Hier werden Studierende aller Fachrichtungen und Studieng\u00e4nge eigene Beitr\u00e4ge pr\u00e4sentieren und diskutieren.<\/p>\n<p><a href=\"https:\/\/religion-politik.blogs.ruhr-uni-bochum.de\/wp-content\/uploads\/2018\/10\/Logo_stuko18.jpg\"><img loading=\"lazy\" decoding=\"async\" class=\"alignnone wp-image-303\" src=\"https:\/\/religion-politik.blogs.ruhr-uni-bochum.de\/wp-content\/uploads\/2018\/10\/Logo_stuko18-300x59.jpg\" alt=\"\" width=\"574\" height=\"113\" srcset=\"https:\/\/religion-politik.blogs.ruhr-uni-bochum.de\/wp-content\/uploads\/2018\/10\/Logo_stuko18-300x59.jpg 300w, https:\/\/religion-politik.blogs.ruhr-uni-bochum.de\/wp-content\/uploads\/2018\/10\/Logo_stuko18-768x151.jpg 768w, https:\/\/religion-politik.blogs.ruhr-uni-bochum.de\/wp-content\/uploads\/2018\/10\/Logo_stuko18-1024x201.jpg 1024w, https:\/\/religion-politik.blogs.ruhr-uni-bochum.de\/wp-content\/uploads\/2018\/10\/Logo_stuko18-624x123.jpg 624w, https:\/\/religion-politik.blogs.ruhr-uni-bochum.de\/wp-content\/uploads\/2018\/10\/Logo_stuko18.jpg 1226w\" sizes=\"auto, (max-width: 574px) 100vw, 574px\" \/><\/a><\/p>\n<p><a href=\"http:\/\/news.rub.de\/studium\/2018-09-13-studentische-konferenz-hingehen-austauschen-mitmachen\">http:\/\/news.rub.de\/studium\/2018-09-13-studentische-konferenz-hingehen-austauschen-mitmachen<\/a><\/p>\n<h2>&nbsp;<\/h2>\n<h2>&nbsp;<\/h2>\n<p><\/p>\n<h2>9. Vortrag am 10.07.&nbsp;Dr. George Sabra, (Pr\u00e4sident der Near East School of Theology in Beirut und Professor f\u00fcr Systematische Theologie): &#8222;The Controversial Discourse about Minorities among the Christians of the Middle East&#8220;<\/h2>\n<p><a href=\"https:\/\/religion-politik.blogs.ruhr-uni-bochum.de\/wp-content\/uploads\/2018\/07\/DSCF2708.jpg\"><img loading=\"lazy\" decoding=\"async\" class=\"alignnone wp-image-272\" src=\"https:\/\/religion-politik.blogs.ruhr-uni-bochum.de\/wp-content\/uploads\/2018\/07\/DSCF2708-300x200.jpg\" alt=\"\" width=\"635\" height=\"424\" srcset=\"https:\/\/religion-politik.blogs.ruhr-uni-bochum.de\/wp-content\/uploads\/2018\/07\/DSCF2708-300x200.jpg 300w, https:\/\/religion-politik.blogs.ruhr-uni-bochum.de\/wp-content\/uploads\/2018\/07\/DSCF2708-768x512.jpg 768w, https:\/\/religion-politik.blogs.ruhr-uni-bochum.de\/wp-content\/uploads\/2018\/07\/DSCF2708-1024x683.jpg 1024w, https:\/\/religion-politik.blogs.ruhr-uni-bochum.de\/wp-content\/uploads\/2018\/07\/DSCF2708-624x416.jpg 624w\" sizes=\"auto, (max-width: 635px) 100vw, 635px\" \/><\/a><\/p>\n<p><a href=\"https:\/\/religion-politik.blogs.ruhr-uni-bochum.de\/wp-content\/uploads\/2018\/07\/k-k-DSCF2721.jpg\"><img loading=\"lazy\" decoding=\"async\" class=\"alignnone wp-image-274\" src=\"https:\/\/religion-politik.blogs.ruhr-uni-bochum.de\/wp-content\/uploads\/2018\/07\/k-k-DSCF2721-300x200.jpg\" alt=\"\" width=\"636\" height=\"424\" srcset=\"https:\/\/religion-politik.blogs.ruhr-uni-bochum.de\/wp-content\/uploads\/2018\/07\/k-k-DSCF2721-300x200.jpg 300w, https:\/\/religion-politik.blogs.ruhr-uni-bochum.de\/wp-content\/uploads\/2018\/07\/k-k-DSCF2721-768x512.jpg 768w, https:\/\/religion-politik.blogs.ruhr-uni-bochum.de\/wp-content\/uploads\/2018\/07\/k-k-DSCF2721-1024x682.jpg 1024w, https:\/\/religion-politik.blogs.ruhr-uni-bochum.de\/wp-content\/uploads\/2018\/07\/k-k-DSCF2721-624x416.jpg 624w, https:\/\/religion-politik.blogs.ruhr-uni-bochum.de\/wp-content\/uploads\/2018\/07\/k-k-DSCF2721.jpg 1280w\" sizes=\"auto, (max-width: 636px) 100vw, 636px\" \/><\/a><\/p>\n<p><\/p>\n<h2>8. Podiumsdiskussion am 03.07. mit&nbsp;Assaad Elias Kattan (Professor f\u00fcr Orthodoxe Theologie, M\u00fcnster), Irfan Ortac (Vorsitzender des Zentralrats der Jesiden, Z\u00caD) und G\u00fcnter Thomas (Professor f\u00fcr Systematische Theologie, Bochum) Perspektive f\u00fcr Minderheiten im Nahen Osten?<\/h2>\n<p><a href=\"https:\/\/religion-politik.blogs.ruhr-uni-bochum.de\/wp-content\/uploads\/2018\/07\/IMG_20180703_162806.jpg\"><img loading=\"lazy\" decoding=\"async\" class=\" wp-image-275\" src=\"https:\/\/religion-politik.blogs.ruhr-uni-bochum.de\/wp-content\/uploads\/2018\/07\/IMG_20180703_162806-300x225.jpg\" alt=\"\" width=\"613\" height=\"460\" srcset=\"https:\/\/religion-politik.blogs.ruhr-uni-bochum.de\/wp-content\/uploads\/2018\/07\/IMG_20180703_162806-300x225.jpg 300w, https:\/\/religion-politik.blogs.ruhr-uni-bochum.de\/wp-content\/uploads\/2018\/07\/IMG_20180703_162806-768x576.jpg 768w, https:\/\/religion-politik.blogs.ruhr-uni-bochum.de\/wp-content\/uploads\/2018\/07\/IMG_20180703_162806-1024x768.jpg 1024w, https:\/\/religion-politik.blogs.ruhr-uni-bochum.de\/wp-content\/uploads\/2018\/07\/IMG_20180703_162806-624x468.jpg 624w\" sizes=\"auto, (max-width: 613px) 100vw, 613px\" \/><\/a><\/p>\n<p><\/p>\n<p><a href=\"https:\/\/religion-politik.blogs.ruhr-uni-bochum.de\/wp-content\/uploads\/2018\/07\/IMG-20180703-WA0018.jpg\"><img loading=\"lazy\" decoding=\"async\" class=\"alignnone wp-image-276\" src=\"https:\/\/religion-politik.blogs.ruhr-uni-bochum.de\/wp-content\/uploads\/2018\/07\/IMG-20180703-WA0018-300x225.jpg\" alt=\"\" width=\"609\" height=\"457\" srcset=\"https:\/\/religion-politik.blogs.ruhr-uni-bochum.de\/wp-content\/uploads\/2018\/07\/IMG-20180703-WA0018-300x225.jpg 300w, https:\/\/religion-politik.blogs.ruhr-uni-bochum.de\/wp-content\/uploads\/2018\/07\/IMG-20180703-WA0018-768x576.jpg 768w, https:\/\/religion-politik.blogs.ruhr-uni-bochum.de\/wp-content\/uploads\/2018\/07\/IMG-20180703-WA0018-1024x768.jpg 1024w, https:\/\/religion-politik.blogs.ruhr-uni-bochum.de\/wp-content\/uploads\/2018\/07\/IMG-20180703-WA0018-624x468.jpg 624w, https:\/\/religion-politik.blogs.ruhr-uni-bochum.de\/wp-content\/uploads\/2018\/07\/IMG-20180703-WA0018.jpg 1600w\" sizes=\"auto, (max-width: 609px) 100vw, 609px\" \/><\/a><\/p>\n<h2>&nbsp;<\/h2>\n<h2>&nbsp;<\/h2>\n<h2>7. Vortrag am 26.06.&nbsp;Die Islamwissenschaftler Dr. Nayla Tabbara (Beirut) und Dr. Abdolah Hoveyes (Bochum): Die Rolle der Minderheiten aus islamischer Perspektive<\/h2>\n<p><a href=\"https:\/\/religion-politik.blogs.ruhr-uni-bochum.de\/wp-content\/uploads\/2018\/07\/Vortragsposter-Religion-trifft-Politik-1.png\"><img loading=\"lazy\" decoding=\"async\" class=\"alignnone wp-image-290\" src=\"https:\/\/religion-politik.blogs.ruhr-uni-bochum.de\/wp-content\/uploads\/2018\/07\/Vortragsposter-Religion-trifft-Politik-1-212x300.png\" alt=\"\" width=\"430\" height=\"608\" srcset=\"https:\/\/religion-politik.blogs.ruhr-uni-bochum.de\/wp-content\/uploads\/2018\/07\/Vortragsposter-Religion-trifft-Politik-1-212x300.png 212w, https:\/\/religion-politik.blogs.ruhr-uni-bochum.de\/wp-content\/uploads\/2018\/07\/Vortragsposter-Religion-trifft-Politik-1-768x1086.png 768w, https:\/\/religion-politik.blogs.ruhr-uni-bochum.de\/wp-content\/uploads\/2018\/07\/Vortragsposter-Religion-trifft-Politik-1-724x1024.png 724w, https:\/\/religion-politik.blogs.ruhr-uni-bochum.de\/wp-content\/uploads\/2018\/07\/Vortragsposter-Religion-trifft-Politik-1-624x883.png 624w, https:\/\/religion-politik.blogs.ruhr-uni-bochum.de\/wp-content\/uploads\/2018\/07\/Vortragsposter-Religion-trifft-Politik-1.png 1588w\" sizes=\"auto, (max-width: 430px) 100vw, 430px\" \/><\/a><\/p>\n<h2>&nbsp;<\/h2>\n<h2>&nbsp;<\/h2>\n<h2>6. Vortrag am 19.06. Dr. Thomas Schmidinger (Politikwissenschaftler an der Universit\u00e4t Wien): Nach dem Genozid. Die Jesiden in Syrien und im Irak<\/h2>\n<h2><a href=\"https:\/\/religion-politik.blogs.ruhr-uni-bochum.de\/wp-content\/uploads\/2018\/07\/IMG_3360.jpg\"><img loading=\"lazy\" decoding=\"async\" class=\"alignnone wp-image-278\" src=\"https:\/\/religion-politik.blogs.ruhr-uni-bochum.de\/wp-content\/uploads\/2018\/07\/IMG_3360-300x200.jpg\" alt=\"\" width=\"609\" height=\"406\" srcset=\"https:\/\/religion-politik.blogs.ruhr-uni-bochum.de\/wp-content\/uploads\/2018\/07\/IMG_3360-300x200.jpg 300w, https:\/\/religion-politik.blogs.ruhr-uni-bochum.de\/wp-content\/uploads\/2018\/07\/IMG_3360-768x512.jpg 768w, https:\/\/religion-politik.blogs.ruhr-uni-bochum.de\/wp-content\/uploads\/2018\/07\/IMG_3360-1024x683.jpg 1024w, https:\/\/religion-politik.blogs.ruhr-uni-bochum.de\/wp-content\/uploads\/2018\/07\/IMG_3360-624x416.jpg 624w\" sizes=\"auto, (max-width: 609px) 100vw, 609px\" \/><\/a><\/h2>\n<p><a href=\"https:\/\/religion-politik.blogs.ruhr-uni-bochum.de\/wp-content\/uploads\/2018\/07\/IMG_3312.jpg\"><img loading=\"lazy\" decoding=\"async\" class=\"alignnone wp-image-279\" src=\"https:\/\/religion-politik.blogs.ruhr-uni-bochum.de\/wp-content\/uploads\/2018\/07\/IMG_3312-300x200.jpg\" alt=\"\" width=\"606\" height=\"404\" srcset=\"https:\/\/religion-politik.blogs.ruhr-uni-bochum.de\/wp-content\/uploads\/2018\/07\/IMG_3312-300x200.jpg 300w, https:\/\/religion-politik.blogs.ruhr-uni-bochum.de\/wp-content\/uploads\/2018\/07\/IMG_3312-768x512.jpg 768w, https:\/\/religion-politik.blogs.ruhr-uni-bochum.de\/wp-content\/uploads\/2018\/07\/IMG_3312-1024x683.jpg 1024w, https:\/\/religion-politik.blogs.ruhr-uni-bochum.de\/wp-content\/uploads\/2018\/07\/IMG_3312-624x416.jpg 624w\" sizes=\"auto, (max-width: 606px) 100vw, 606px\" \/><\/a><\/p>\n<p><\/p>\n<h2>&nbsp;<\/h2>\n<h2>&nbsp;<\/h2>\n<h2>5. Vortrag am 12.06. Markus Bickel (ehemaliger Nahostkorrespondent der FAZ in Kairo und seit 2017 Redakteur des Amnesty Journals in Berlin): Eine journalistische Perspektive auf den Nahen Osten<\/h2>\n<p><a href=\"https:\/\/religion-politik.blogs.ruhr-uni-bochum.de\/wp-content\/uploads\/2018\/07\/IMG_3236.jpg\"><img loading=\"lazy\" decoding=\"async\" class=\"alignnone wp-image-282\" src=\"https:\/\/religion-politik.blogs.ruhr-uni-bochum.de\/wp-content\/uploads\/2018\/07\/IMG_3236-300x200.jpg\" alt=\"\" width=\"590\" height=\"393\" srcset=\"https:\/\/religion-politik.blogs.ruhr-uni-bochum.de\/wp-content\/uploads\/2018\/07\/IMG_3236-300x200.jpg 300w, https:\/\/religion-politik.blogs.ruhr-uni-bochum.de\/wp-content\/uploads\/2018\/07\/IMG_3236-768x512.jpg 768w, https:\/\/religion-politik.blogs.ruhr-uni-bochum.de\/wp-content\/uploads\/2018\/07\/IMG_3236-1024x683.jpg 1024w, https:\/\/religion-politik.blogs.ruhr-uni-bochum.de\/wp-content\/uploads\/2018\/07\/IMG_3236-624x416.jpg 624w\" sizes=\"auto, (max-width: 590px) 100vw, 590px\" \/><\/a><\/p>\n<p><a href=\"https:\/\/religion-politik.blogs.ruhr-uni-bochum.de\/wp-content\/uploads\/2018\/07\/IMG_3237.jpg\"><img loading=\"lazy\" decoding=\"async\" class=\"alignnone wp-image-281\" src=\"https:\/\/religion-politik.blogs.ruhr-uni-bochum.de\/wp-content\/uploads\/2018\/07\/IMG_3237-300x200.jpg\" alt=\"\" width=\"597\" height=\"398\" srcset=\"https:\/\/religion-politik.blogs.ruhr-uni-bochum.de\/wp-content\/uploads\/2018\/07\/IMG_3237-300x200.jpg 300w, https:\/\/religion-politik.blogs.ruhr-uni-bochum.de\/wp-content\/uploads\/2018\/07\/IMG_3237-768x512.jpg 768w, https:\/\/religion-politik.blogs.ruhr-uni-bochum.de\/wp-content\/uploads\/2018\/07\/IMG_3237-1024x683.jpg 1024w, https:\/\/religion-politik.blogs.ruhr-uni-bochum.de\/wp-content\/uploads\/2018\/07\/IMG_3237-624x416.jpg 624w\" sizes=\"auto, (max-width: 597px) 100vw, 597px\" \/><\/a><\/p>\n<p><\/p>\n<h2>&nbsp;<\/h2>\n<h2>&nbsp;<\/h2>\n<h2>4. Vortrag am 05.06. Emanuel Youkhana (Erzdiakon und Leiter der NGO CAPNI, Dohuk):&nbsp;Humanitarian Action: Im Einsatz f\u00fcr Christen, Jesiden und andere Minderheiten im Nordirak<\/h2>\n<p><a href=\"https:\/\/religion-politik.blogs.ruhr-uni-bochum.de\/wp-content\/uploads\/2018\/07\/IMG_3165.jpg\"><img loading=\"lazy\" decoding=\"async\" class=\"alignnone wp-image-287\" src=\"https:\/\/religion-politik.blogs.ruhr-uni-bochum.de\/wp-content\/uploads\/2018\/07\/IMG_3165-300x200.jpg\" alt=\"\" width=\"595\" height=\"396\" srcset=\"https:\/\/religion-politik.blogs.ruhr-uni-bochum.de\/wp-content\/uploads\/2018\/07\/IMG_3165-300x200.jpg 300w, https:\/\/religion-politik.blogs.ruhr-uni-bochum.de\/wp-content\/uploads\/2018\/07\/IMG_3165-768x512.jpg 768w, https:\/\/religion-politik.blogs.ruhr-uni-bochum.de\/wp-content\/uploads\/2018\/07\/IMG_3165-1024x683.jpg 1024w, https:\/\/religion-politik.blogs.ruhr-uni-bochum.de\/wp-content\/uploads\/2018\/07\/IMG_3165-624x416.jpg 624w\" sizes=\"auto, (max-width: 595px) 100vw, 595px\" \/><\/a><\/p>\n<p><a href=\"https:\/\/religion-politik.blogs.ruhr-uni-bochum.de\/wp-content\/uploads\/2018\/07\/IMG_3114.jpg\"><img loading=\"lazy\" decoding=\"async\" class=\"alignnone wp-image-288\" src=\"https:\/\/religion-politik.blogs.ruhr-uni-bochum.de\/wp-content\/uploads\/2018\/07\/IMG_3114-300x200.jpg\" alt=\"\" width=\"593\" height=\"395\" srcset=\"https:\/\/religion-politik.blogs.ruhr-uni-bochum.de\/wp-content\/uploads\/2018\/07\/IMG_3114-300x200.jpg 300w, https:\/\/religion-politik.blogs.ruhr-uni-bochum.de\/wp-content\/uploads\/2018\/07\/IMG_3114-768x512.jpg 768w, https:\/\/religion-politik.blogs.ruhr-uni-bochum.de\/wp-content\/uploads\/2018\/07\/IMG_3114-1024x683.jpg 1024w, https:\/\/religion-politik.blogs.ruhr-uni-bochum.de\/wp-content\/uploads\/2018\/07\/IMG_3114-624x416.jpg 624w\" sizes=\"auto, (max-width: 593px) 100vw, 593px\" \/><\/a><\/p>\n<p><\/p>\n<h2>&nbsp;<\/h2>\n<h2>3. Vortrag am 29.05. Clarisse Pasztory (EU-Diplomatin in Erbil) :&nbsp;Die Situation im Irak &amp; der Region nach dem IS &#8211;&nbsp;Perspektiven einer EU-Diplomatin in Erbil, Kurdistan Region des Irak<\/h2>\n<h2>&nbsp;<\/h2>\n<h2>&nbsp;<\/h2>\n<h2>2. Vortrag am 15.05. Jihad Nassif (Priester in Homs, Syrien): &#8222;Homs zwischen Zerst\u00f6rung und Wiederaufbau. Ein maronitischer Priester berichtet aus dem Leben in Homs, Syrien.<\/h2>\n<p><a href=\"https:\/\/religion-politik.blogs.ruhr-uni-bochum.de\/wp-content\/uploads\/2018\/05\/DSCF0826.jpg\"><img loading=\"lazy\" decoding=\"async\" class=\"alignnone wp-image-244\" src=\"https:\/\/religion-politik.blogs.ruhr-uni-bochum.de\/wp-content\/uploads\/2018\/05\/DSCF0826-300x200.jpg\" alt=\"\" width=\"587\" height=\"391\" srcset=\"https:\/\/religion-politik.blogs.ruhr-uni-bochum.de\/wp-content\/uploads\/2018\/05\/DSCF0826-300x200.jpg 300w, https:\/\/religion-politik.blogs.ruhr-uni-bochum.de\/wp-content\/uploads\/2018\/05\/DSCF0826-768x512.jpg 768w, https:\/\/religion-politik.blogs.ruhr-uni-bochum.de\/wp-content\/uploads\/2018\/05\/DSCF0826-1024x683.jpg 1024w, https:\/\/religion-politik.blogs.ruhr-uni-bochum.de\/wp-content\/uploads\/2018\/05\/DSCF0826-624x416.jpg 624w\" sizes=\"auto, (max-width: 587px) 100vw, 587px\" \/><\/a><\/p>\n<p><a href=\"https:\/\/religion-politik.blogs.ruhr-uni-bochum.de\/wp-content\/uploads\/2018\/05\/DSCF0780.jpg\"><img loading=\"lazy\" decoding=\"async\" class=\"alignnone wp-image-245\" src=\"https:\/\/religion-politik.blogs.ruhr-uni-bochum.de\/wp-content\/uploads\/2018\/05\/DSCF0780-300x200.jpg\" alt=\"\" width=\"590\" height=\"393\" srcset=\"https:\/\/religion-politik.blogs.ruhr-uni-bochum.de\/wp-content\/uploads\/2018\/05\/DSCF0780-300x200.jpg 300w, https:\/\/religion-politik.blogs.ruhr-uni-bochum.de\/wp-content\/uploads\/2018\/05\/DSCF0780-768x512.jpg 768w, https:\/\/religion-politik.blogs.ruhr-uni-bochum.de\/wp-content\/uploads\/2018\/05\/DSCF0780-1024x683.jpg 1024w, https:\/\/religion-politik.blogs.ruhr-uni-bochum.de\/wp-content\/uploads\/2018\/05\/DSCF0780-624x416.jpg 624w\" sizes=\"auto, (max-width: 590px) 100vw, 590px\" \/><\/a><\/p>\n<p><a href=\"https:\/\/religion-politik.blogs.ruhr-uni-bochum.de\/wp-content\/uploads\/2018\/05\/DSCF0817.jpg\"><img loading=\"lazy\" decoding=\"async\" class=\"alignnone wp-image-246\" src=\"https:\/\/religion-politik.blogs.ruhr-uni-bochum.de\/wp-content\/uploads\/2018\/05\/DSCF0817-300x200.jpg\" alt=\"\" width=\"590\" height=\"393\" srcset=\"https:\/\/religion-politik.blogs.ruhr-uni-bochum.de\/wp-content\/uploads\/2018\/05\/DSCF0817-300x200.jpg 300w, https:\/\/religion-politik.blogs.ruhr-uni-bochum.de\/wp-content\/uploads\/2018\/05\/DSCF0817-768x512.jpg 768w, https:\/\/religion-politik.blogs.ruhr-uni-bochum.de\/wp-content\/uploads\/2018\/05\/DSCF0817-1024x683.jpg 1024w, https:\/\/religion-politik.blogs.ruhr-uni-bochum.de\/wp-content\/uploads\/2018\/05\/DSCF0817-624x416.jpg 624w\" sizes=\"auto, (max-width: 590px) 100vw, 590px\" \/><\/a><\/p>\n<p><a href=\"https:\/\/religion-politik.blogs.ruhr-uni-bochum.de\/wp-content\/uploads\/2018\/05\/Vortragposter_Homs.jpg\"><img loading=\"lazy\" decoding=\"async\" class=\"alignnone wp-image-248\" src=\"https:\/\/religion-politik.blogs.ruhr-uni-bochum.de\/wp-content\/uploads\/2018\/05\/Vortragposter_Homs-212x300.jpg\" alt=\"\" width=\"590\" height=\"835\" srcset=\"https:\/\/religion-politik.blogs.ruhr-uni-bochum.de\/wp-content\/uploads\/2018\/05\/Vortragposter_Homs-212x300.jpg 212w, https:\/\/religion-politik.blogs.ruhr-uni-bochum.de\/wp-content\/uploads\/2018\/05\/Vortragposter_Homs-768x1086.jpg 768w, https:\/\/religion-politik.blogs.ruhr-uni-bochum.de\/wp-content\/uploads\/2018\/05\/Vortragposter_Homs-724x1024.jpg 724w, https:\/\/religion-politik.blogs.ruhr-uni-bochum.de\/wp-content\/uploads\/2018\/05\/Vortragposter_Homs-624x882.jpg 624w, https:\/\/religion-politik.blogs.ruhr-uni-bochum.de\/wp-content\/uploads\/2018\/05\/Vortragposter_Homs.jpg 1754w\" sizes=\"auto, (max-width: 590px) 100vw, 590px\" \/><\/a><\/p>\n<h2>&nbsp;<\/h2>\n<h2>&nbsp;<\/h2>\n<h2>1. Vortrag am 24.04. Dr. Kamal Sido (Historiker und Menschenrechtler): &#8222;Aktuelle Stunde zu Afrin&#8220; Die T\u00fcrkei in Syrien &#8211; Aus der Perspektive eines Menschenrechtlers<\/h2>\n<p><a href=\"https:\/\/religion-politik.blogs.ruhr-uni-bochum.de\/wp-content\/uploads\/2018\/04\/DSCF0213.jpg\"><img loading=\"lazy\" decoding=\"async\" class=\"alignnone wp-image-223\" src=\"https:\/\/religion-politik.blogs.ruhr-uni-bochum.de\/wp-content\/uploads\/2018\/04\/DSCF0213-300x200.jpg\" alt=\"\" width=\"587\" height=\"391\" srcset=\"https:\/\/religion-politik.blogs.ruhr-uni-bochum.de\/wp-content\/uploads\/2018\/04\/DSCF0213-300x200.jpg 300w, https:\/\/religion-politik.blogs.ruhr-uni-bochum.de\/wp-content\/uploads\/2018\/04\/DSCF0213-768x512.jpg 768w, https:\/\/religion-politik.blogs.ruhr-uni-bochum.de\/wp-content\/uploads\/2018\/04\/DSCF0213-1024x683.jpg 1024w, https:\/\/religion-politik.blogs.ruhr-uni-bochum.de\/wp-content\/uploads\/2018\/04\/DSCF0213-624x416.jpg 624w\" sizes=\"auto, (max-width: 587px) 100vw, 587px\" \/><\/a><\/p>\n<h2><a href=\"https:\/\/religion-politik.blogs.ruhr-uni-bochum.de\/wp-content\/uploads\/2018\/04\/DSCF0215.jpg\"><img loading=\"lazy\" decoding=\"async\" class=\"alignnone wp-image-224\" src=\"https:\/\/religion-politik.blogs.ruhr-uni-bochum.de\/wp-content\/uploads\/2018\/04\/DSCF0215-300x200.jpg\" alt=\"\" width=\"590\" height=\"393\" srcset=\"https:\/\/religion-politik.blogs.ruhr-uni-bochum.de\/wp-content\/uploads\/2018\/04\/DSCF0215-300x200.jpg 300w, https:\/\/religion-politik.blogs.ruhr-uni-bochum.de\/wp-content\/uploads\/2018\/04\/DSCF0215-768x512.jpg 768w, https:\/\/religion-politik.blogs.ruhr-uni-bochum.de\/wp-content\/uploads\/2018\/04\/DSCF0215-1024x683.jpg 1024w, https:\/\/religion-politik.blogs.ruhr-uni-bochum.de\/wp-content\/uploads\/2018\/04\/DSCF0215-624x416.jpg 624w\" sizes=\"auto, (max-width: 590px) 100vw, 590px\" \/><\/a><\/h2>\n<h2>&nbsp;<a href=\"https:\/\/religion-politik.blogs.ruhr-uni-bochum.de\/wp-content\/uploads\/2018\/04\/DSCF0235.jpg\"><img loading=\"lazy\" decoding=\"async\" class=\"alignnone wp-image-226\" src=\"https:\/\/religion-politik.blogs.ruhr-uni-bochum.de\/wp-content\/uploads\/2018\/04\/DSCF0235-300x200.jpg\" alt=\"\" width=\"586\" height=\"390\" srcset=\"https:\/\/religion-politik.blogs.ruhr-uni-bochum.de\/wp-content\/uploads\/2018\/04\/DSCF0235-300x200.jpg 300w, https:\/\/religion-politik.blogs.ruhr-uni-bochum.de\/wp-content\/uploads\/2018\/04\/DSCF0235-768x512.jpg 768w, https:\/\/religion-politik.blogs.ruhr-uni-bochum.de\/wp-content\/uploads\/2018\/04\/DSCF0235-1024x683.jpg 1024w, https:\/\/religion-politik.blogs.ruhr-uni-bochum.de\/wp-content\/uploads\/2018\/04\/DSCF0235-624x416.jpg 624w\" sizes=\"auto, (max-width: 586px) 100vw, 586px\" \/><\/a><\/h2>\n<h2>&nbsp;<\/h2>\n<h2>&nbsp;<\/h2>\n<h2>Das Programm der Vorlesungsreihe &#8222;Religon trifft Politik&#8220; ist ab sofort online.<\/h2>\n<p><a href=\"https:\/\/religion-politik.blogs.ruhr-uni-bochum.de\/wp-content\/uploads\/2018\/03\/FlyerReligiontrifftPolitik.png\"><img loading=\"lazy\" decoding=\"async\" class=\"alignnone wp-image-194\" src=\"https:\/\/religion-politik.blogs.ruhr-uni-bochum.de\/wp-content\/uploads\/2018\/03\/FlyerReligiontrifftPolitik-211x300.png\" alt=\"\" width=\"450\" height=\"640\" srcset=\"https:\/\/religion-politik.blogs.ruhr-uni-bochum.de\/wp-content\/uploads\/2018\/03\/FlyerReligiontrifftPolitik-211x300.png 211w, https:\/\/religion-politik.blogs.ruhr-uni-bochum.de\/wp-content\/uploads\/2018\/03\/FlyerReligiontrifftPolitik-768x1090.png 768w\" sizes=\"auto, (max-width: 450px) 100vw, 450px\" \/><\/a><\/p>\n<h2>&nbsp;<\/h2>\n<p><\/p>\n<h2>Religion trifft Politik &#8211; Minderheiten im Nahen Osten<\/h2>\n<p><\/p>\n<div id=\"attachment_105\" style=\"width: 407px\" class=\"wp-caption alignnone\"><a href=\"https:\/\/religion-politik.blogs.ruhr-uni-bochum.de\/wp-content\/uploads\/2018\/02\/Religion_trifft_Politik_Poster_A3.png\"><img loading=\"lazy\" decoding=\"async\" aria-describedby=\"caption-attachment-105\" class=\" wp-image-105\" src=\"https:\/\/religion-politik.blogs.ruhr-uni-bochum.de\/wp-content\/uploads\/2018\/02\/Religion_trifft_Politik_Poster_A3-213x300.png\" alt=\"\" width=\"397\" height=\"559\" srcset=\"https:\/\/religion-politik.blogs.ruhr-uni-bochum.de\/wp-content\/uploads\/2018\/02\/Religion_trifft_Politik_Poster_A3-213x300.png 213w, https:\/\/religion-politik.blogs.ruhr-uni-bochum.de\/wp-content\/uploads\/2018\/02\/Religion_trifft_Politik_Poster_A3-768x1080.png 768w, https:\/\/religion-politik.blogs.ruhr-uni-bochum.de\/wp-content\/uploads\/2018\/02\/Religion_trifft_Politik_Poster_A3-728x1024.png 728w, https:\/\/religion-politik.blogs.ruhr-uni-bochum.de\/wp-content\/uploads\/2018\/02\/Religion_trifft_Politik_Poster_A3-624x878.png 624w, https:\/\/religion-politik.blogs.ruhr-uni-bochum.de\/wp-content\/uploads\/2018\/02\/Religion_trifft_Politik_Poster_A3.png 1789w\" sizes=\"auto, (max-width: 397px) 100vw, 397px\" \/><\/a><p id=\"caption-attachment-105\" class=\"wp-caption-text\">Veranstaltungshinweis<\/p><\/div>","protected":false},"excerpt":{"rendered":"<p>Ausstellung: Tr\u00fcmmer-Vertreibung-Leben. Eine Region in den Wirren der Geopolitik, 15.-21.7.2020 Die durch Terror und Gewalt motivierte Flucht von Millionen von Menschen hat die Gesellschaften des Nahen Ostens ver\u00e4ndert. Das Leben der Menschen soll nicht als Krisen-voyeurismus in den Mittelpunkt treten. Vielmehr baten die Menschen auf den Reisen immer wieder, von ihrem Leben zu berichten. Die [&hellip;]<\/p>\n","protected":false},"author":7,"featured_media":0,"parent":0,"menu_order":0,"comment_status":"closed","ping_status":"closed","template":"","meta":{"footnotes":""},"class_list":["post-36","page","type-page","status-publish","hentry"],"_links":{"self":[{"href":"https:\/\/religion-politik.blogs.ruhr-uni-bochum.de\/index.php?rest_route=\/wp\/v2\/pages\/36","targetHints":{"allow":["GET"]}}],"collection":[{"href":"https:\/\/religion-politik.blogs.ruhr-uni-bochum.de\/index.php?rest_route=\/wp\/v2\/pages"}],"about":[{"href":"https:\/\/religion-politik.blogs.ruhr-uni-bochum.de\/index.php?rest_route=\/wp\/v2\/types\/page"}],"author":[{"embeddable":true,"href":"https:\/\/religion-politik.blogs.ruhr-uni-bochum.de\/index.php?rest_route=\/wp\/v2\/users\/7"}],"replies":[{"embeddable":true,"href":"https:\/\/religion-politik.blogs.ruhr-uni-bochum.de\/index.php?rest_route=%2Fwp%2Fv2%2Fcomments&post=36"}],"version-history":[{"count":41,"href":"https:\/\/religion-politik.blogs.ruhr-uni-bochum.de\/index.php?rest_route=\/wp\/v2\/pages\/36\/revisions"}],"predecessor-version":[{"id":340,"href":"https:\/\/religion-politik.blogs.ruhr-uni-bochum.de\/index.php?rest_route=\/wp\/v2\/pages\/36\/revisions\/340"}],"wp:attachment":[{"href":"https:\/\/religion-politik.blogs.ruhr-uni-bochum.de\/index.php?rest_route=%2Fwp%2Fv2%2Fmedia&parent=36"}],"curies":[{"name":"wp","href":"https:\/\/api.w.org\/{rel}","templated":true}]}}